{"id":35119,"date":"2026-05-01T11:35:59","date_gmt":"2026-05-01T09:35:59","guid":{"rendered":"https:\/\/www.harzer-wandernadel.de\/stempelcentre\/reservoirer-i-harzen\/"},"modified":"2026-05-01T11:36:35","modified_gmt":"2026-05-01T09:36:35","slug":"reservoirer-i-harzen","status":"publish","type":"page","link":"https:\/\/www.harzer-wandernadel.de\/da\/stempelcentre\/reservoirer-i-harzen\/","title":{"rendered":"Reservoirer i&nbsp;Harzen"},"content":{"rendered":"\n<div class=\"wp-block-stackable-heading stk-block-heading stk-block-heading--v2 stk-block stk-359d13e\" id=\"wasser-pragt-den-harz-seit-jahrhunderten-es-formt-landschaften-erzahlt-geschichten-und-schenkt-leben-mit-unserem-neuen-begleitheft-harzer-talsperren-laden-wir-sie-ein-diese-faszinierende-seite-des-mittelgebirges-auf-ganz-besondere-weise-zu-entdecken\" data-block-id=\"359d13e\"><h4 class=\"stk-block-heading__text\">Vand har pr\u00e6get Harzen i&nbsp;\u00e5rhundreder \u2013 det former landskaber, fort\u00e6ller historier og giver liv. Med vores nye ledsagende h\u00e6fte \u201eHarz reservoirs\u201c inviterer vi dig til at opdage denne fascinerende side af den lave bjergk\u00e6de p\u00e5 en helt s\u00e6rlig m\u00e5de.&nbsp;<\/h4><\/div>\n<figure class=\"wp-block-post-featured-image\"><img decoding=\"async\" width=\"2560\" height=\"1706\" src=\"https:\/\/www.harzer-wandernadel.de\/wp-content\/uploads\/2025\/08\/harzer-wandernadel-eroeffnung-2024-161-scaled.jpg\" class=\"attachment-post-thumbnail size-post-thumbnail wp-post-image default-featured-img\" alt=\"Hand h\u00e4lt Heft mit gesammelten Stempeln\" style=\"object-fit:cover;\" srcset=\"https:\/\/www.harzer-wandernadel.de\/wp-content\/uploads\/2025\/08\/harzer-wandernadel-eroeffnung-2024-161-scaled.jpg 2560w, https:\/\/www.harzer-wandernadel.de\/wp-content\/uploads\/2025\/08\/harzer-wandernadel-eroeffnung-2024-161-300x200.jpg 300w, https:\/\/www.harzer-wandernadel.de\/wp-content\/uploads\/2025\/08\/harzer-wandernadel-eroeffnung-2024-161-1024x683.jpg 1024w, https:\/\/www.harzer-wandernadel.de\/wp-content\/uploads\/2025\/08\/harzer-wandernadel-eroeffnung-2024-161-768x512.jpg 768w, https:\/\/www.harzer-wandernadel.de\/wp-content\/uploads\/2025\/08\/harzer-wandernadel-eroeffnung-2024-161-1536x1024.jpg 1536w, https:\/\/www.harzer-wandernadel.de\/wp-content\/uploads\/2025\/08\/harzer-wandernadel-eroeffnung-2024-161-2048x1365.jpg 2048w, https:\/\/www.harzer-wandernadel.de\/wp-content\/uploads\/2025\/08\/harzer-wandernadel-eroeffnung-2024-161-250x167.jpg 250w\" sizes=\"(max-width: 2560px) 100vw, 2560px\"><\/figure>\n<p>I anled\u00adning af Harzens van\u00addren\u00e5ls 20-\u00e5rs jubil\u00e6um tager det\u00adte h\u00e6f\u00adte dig med til impo\u00adne\u00adren\u00adde byg\u00adnin\u00adger og idyl\u00adli\u00adske dam\u00adme i&nbsp;en ene\u00adst\u00e5\u00aden\u00adde natur. Hvert skridt p\u00e5 sti\u00ader\u00adne omkring reser\u00advoi\u00adrer\u00adne \u00e5bner for nye udsig\u00adter \u2013 til gli\u00adtren\u00adde vand, t\u00e6t\u00adte sko\u00adve og den roli\u00adge kraft i&nbsp;et land\u00adskab, der altid har v\u00e6ret pr\u00e6\u00adget af sam\u00adspil\u00adlet mel\u00adlem men\u00adne\u00adske og&nbsp;natur.&nbsp;<\/p>\n\n<p>Kom af sted med dig. Van\u00addet venter.&nbsp;<\/p>\n\n<p><span style=\"color: #d81414;\" class=\"stk-highlight\">Dit Harzer Wan\u00adder\u00adna\u00addel-team i&nbsp;sam\u00adar\u00adbej\u00adde med Tals\u00adper\u00adren\u00adbe\u00adtri\u00adeb Sach\u00adsen-Anhalt (A\u00d6R) og Harzwas\u00adserwer\u00adke GmbH Hildesheim<\/span><\/p>\n\n<p><\/p>\n\n<p>N\u00e5r du har sam\u00adlet alle fri\u00adm\u00e6r\u00adker\u00adne i&nbsp;det\u00adte h\u00e6f\u00adte, kan du som altid bel\u00f8n\u00adne dig selv med en mat\u00adchen\u00adde van\u00addren\u00e5l. F\u00e5s p\u00e5 vores ser\u00advi\u00adce\u00adkon\u00adtor i&nbsp;Blan\u00adken\u00adburg og hos alle del\u00adta\u00adgen\u00adde salgs\u00adste\u00adder.   <strong>Nomi\u00adnelt gebyr: 4,50\u20ac.<\/strong><\/p>\n\n<figure class=\"wp-block-image size-thumbnail\"><img alt decoding=\"async\" width=\"150\" height=\"150\" src=\"https:\/\/www.harzer-wandernadel.de\/wp-content\/uploads\/2026\/05\/abzeichen-talsperren-im-harz-150x150.png\" class=\"wp-image-35108\"><\/figure>\n\n<div class=\"wp-block-stackable-button-group stk-block-button-group stk-block stk-c41f370\" data-block-id=\"c41f370\"><style>.stk-c41f370 {margin-bottom:64px !important;}<\/style><div class=\"stk-row stk-inner-blocks stk-block-content stk-button-group\">\n<div class=\"wp-block-stackable-button stk-block-button stk-block stk-c9b511b\" data-block-id=\"c9b511b\"><a class=\"stk-link stk-button stk--hover-effect-darken\" href><span class=\"stk-button__inner-text\">Til det med\u00adf\u00f8l\u00adgen\u00adde h\u00e6f\u00adte \u201eReser\u00advoi\u00adrer i&nbsp;Harzen\u201c<\/span><\/a><\/div>\n<\/div><\/div>\n\n<figure class=\"wp-block-table\"><table class=\"has-fixed-layout\"><thead><tr><th>Stem\u00adpel\u00adcen\u00adter<\/th><th>  Bred\u00adde N<\/th><th>  L\u00e6ng\u00adde&nbsp;E<\/th><\/tr><\/thead><tbody><tr><td><strong>S\u00f6se\u00adtals\u00adper\u00adre<\/strong>, Oste\u00adro\u00adde<\/td><td class=\"has-text-align-left\" data-align=\"left\">51.736269<\/td><td class=\"has-text-align-left\" data-align=\"left\">10.308452<\/td><\/tr><tr><td><strong>Oker-d\u00e6m\u00adnin\u00adgen (HWN 116)<\/strong>, Alte\u00adnau<\/td><td class=\"has-text-align-left\" data-align=\"left\">51.86725<\/td><td class=\"has-text-align-left\" data-align=\"left\">10.47408<\/td><\/tr><tr><td><strong>Oder Dam (HWN 115)<\/strong>, Bad Lauterberg<\/td><td class=\"has-text-align-left\" data-align=\"left\">51.64080<\/td><td class=\"has-text-align-left\" data-align=\"left\">10.47221<\/td><\/tr><tr><td><strong>Oder\u00adteich (HWN 217)<\/strong>, <br>St. Andreas\u00adberg<\/td><td class=\"has-text-align-left\" data-align=\"left\">51.77944<\/td><td class=\"has-text-align-left\" data-align=\"left\">10.53248<\/td><\/tr><tr><td><strong>Gra\u00adne\u00adtal-d\u00e6m\u00adnin\u00adgen (HWN 110)<\/strong>, Goslar<\/td><td class=\"has-text-align-left\" data-align=\"left\">51.90058<\/td><td class=\"has-text-align-left\" data-align=\"left\">10.38222<\/td><\/tr><tr><td><strong>Eck\u00ader\u00adtals\u00adper\u00adre-d\u00e6m\u00adnin\u00adgen (HWN 1)<\/strong>, Ilsen\u00adburg<\/td><td class=\"has-text-align-left\" data-align=\"left\">51.84165<\/td><td class=\"has-text-align-left\" data-align=\"left\">10.57998<\/td><\/tr><tr><td><strong>Inner\u00adste\u00adtal-d\u00e6m\u00adnin\u00adgen (HWN 103)<\/strong>, Lan\u00adgels\u00adheim<\/td><td class=\"has-text-align-left\" data-align=\"left\">51.88032<\/td><td class=\"has-text-align-left\" data-align=\"left\">10.25558<\/td><\/tr><tr><td><strong>Has\u00adsel f\u00f8r-d\u00e6m\u00adning (HWN 53)<\/strong>, Has\u00adsel\u00adfel\u00adde<\/td><td class=\"has-text-align-left\" data-align=\"left\">51.70968<\/td><td class=\"has-text-align-left\" data-align=\"left\">10.83113<\/td><\/tr><tr><td><strong>Rap\u00adpbo\u00adde for-d\u00e6m\u00adning (HWN 56)<\/strong>, Trau\u00adtenste\u00adin<\/td><td class=\"has-text-align-left\" data-align=\"left\">51.71153<\/td><td class=\"has-text-align-left\" data-align=\"left\">10.80097<\/td><\/tr><tr><td><strong>K\u00f6nigs\u00adh\u00fct\u00adte-d\u00e6m\u00adnin\u00adgen (HWN 42)<\/strong>, K\u00f6nigs\u00adh\u00fct\u00adte<\/td><td class=\"has-text-align-left\" data-align=\"left\">51.73558<\/td><td class=\"has-text-align-left\" data-align=\"left\">10.80505<\/td><\/tr><tr><td><strong>Kal\u00adte Bode over\u00adsv\u00f8m\u00admel\u00adses\u00adbe\u00adskyt\u00adtel\u00adses\u00adbas\u00adsin<\/strong>, K\u00f6nigs\u00adh\u00fct\u00adte<\/td><td class=\"has-text-align-left\" data-align=\"left\">51.748573<\/td><td class=\"has-text-align-left\" data-align=\"left\">10.741279<\/td><\/tr><tr><td><strong>Kili\u00adansteich (HWN 211)<\/strong>, Stra\u00df\u00adberg<\/td><td class=\"has-text-align-left\" data-align=\"left\">51.60758<\/td><td class=\"has-text-align-left\" data-align=\"left\">11.01495<\/td><\/tr><tr><td><strong>Dam med p\u00e6re\u00adtr\u00e6\u00ader<\/strong>, Neu\u00addorf<\/td><td class=\"has-text-align-left\" data-align=\"left\">51.614432<\/td><td class=\"has-text-align-left\" data-align=\"left\">11.089109<\/td><\/tr><tr><td><strong>Wen\u00adde\u00adfurth Dam (HWN 62)<\/strong>, Bode Valley<\/td><td class=\"has-text-align-left\" data-align=\"left\">51.742848<\/td><td class=\"has-text-align-left\" data-align=\"left\">10.919461<\/td><\/tr><tr><td><strong>Wip\u00adpra Dam (HWN 219)<\/strong>, Wip\u00adpra<\/td><td class=\"has-text-align-left\" data-align=\"left\">51.56956<\/td><td class=\"has-text-align-left\" data-align=\"left\">11.19266<\/td><\/tr><tr><td><strong>Zil\u00adli\u00ader\u00adbach-d\u00e6m\u00adnin\u00adgen (HWN 36 Peter\u00adste\u00adin)<\/strong>, Wer\u00adni\u00adgero\u00adde<\/td><td class=\"has-text-align-left\" data-align=\"left\">51.79222<\/td><td class=\"has-text-align-left\" data-align=\"left\">  10.78028<\/td><\/tr><tr><td><strong>Bre\u00admer\u00adteich (HWN 196)<\/strong>, Ger\u00adn\u00adro\u00adde<\/td><td class=\"has-text-align-left\" data-align=\"left\">51.68493<\/td><td class=\"has-text-align-left\" data-align=\"left\">11.11232<\/td><\/tr><tr><td><strong>Stor Sie\u00adber\u00adste\u00adin-dam,<\/strong> <br>Bal\u00adlen\u00adstedt<\/td><td class=\"has-text-align-left\" data-align=\"left\">51.708703<\/td><td class=\"has-text-align-left\" data-align=\"left\">11.176335<\/td><\/tr><tr><td><strong>Wet\u00adtel\u00adro\u00adde-reser\u00advoi\u00adret<\/strong>, Wet\u00adtel\u00adro\u00adde<\/td><td class=\"has-text-align-left\" data-align=\"left\">51.520455<\/td><td class=\"has-text-align-left\" data-align=\"left\">11.262156<\/td><\/tr><tr><td><strong>G\u00fcn\u00adters\u00adber\u00adge m\u00f8l\u00adle\u00addam,<\/strong> <br>G\u00fcn\u00adters\u00adber\u00adge<\/td><td class=\"has-text-align-left\" data-align=\"left\">51.641579<\/td><td class=\"has-text-align-left\" data-align=\"left\">10.975466<\/td><\/tr><tr><td><strong>Kel\u00adbra Dam,<\/strong> <br>Kel\u00adbra<\/td><td>snart til\u00adg\u00e6n\u00adge\u00adlig<\/td><td>snart til\u00adg\u00e6n\u00adge\u00adlig<\/td><\/tr><tr><td><strong>F\u00fcr\u00adsten\u00adteich<\/strong>, <br>Sil\u00adber\u00adh\u00fct\u00adte<\/td><td>51.626262<\/td><td>11.094926<\/td><\/tr><tr><td><strong>Ny dam,<\/strong> <br>Ger\u00adn\u00adro\u00adde<\/td><td>51.706378<\/td><td>11.105038<\/td><\/tr><tr><td><strong>Neu\u00addorf kun\u00adsti\u00adge dam,<\/strong> <br>Neu\u00addorf<\/td><td>51.60604<\/td><td>11.126764<\/td><\/tr><tr><td><strong>Fran\u00adken\u00adteich,<\/strong> <br>Stra\u00df\u00adberg<\/td><td>51.599329<\/td><td>11.025702<\/td><\/tr><tr><td><strong>Rap\u00adpbo\u00adde-d\u00e6m\u00adnin\u00adgen,<\/strong> <br>Wen\u00adde\u00adfurth<\/td><td>51.739151<\/td><td>10.895695<\/td><\/tr><tr><td><strong>Kun\u00adstig dam Bal\u00adlen\u00adstedt,<\/strong> <br>Bal\u00adlen\u00adstedt<\/td><td>51.707173<\/td><td>11.237663<\/td><\/tr><tr><td><strong>Wip\u00adpra over\u00adsv\u00f8m\u00admel\u00adses\u00adbas\u00adsin,<\/strong> <br>Wip\u00adpra<\/td><td>51.568157<\/td><td>11.25601<\/td><\/tr><tr><td><strong>Holy Pond<\/strong>, <br>Hafer\u00adfeld<\/td><td>51.710478<\/td><td>11.143878<\/td><\/tr><tr><td><strong>Ber\u00adgrat M\u00fcl\u00adler-dam\u00admen (HWN 190),<\/strong> <br>Fri\u00adedri\u00adchs\u00adbrunn<\/td><td>51.67948<\/td><td>11.06500<\/td><\/tr><\/tbody><\/table><\/figure>\n","protected":false},"excerpt":{"rendered":"<p>Vand har pr\u00e6\u00adget Harzen i&nbsp;\u00e5rhund\u00adre\u00adder \u2013 det for\u00admer land\u00adska\u00adber, for\u00adt\u00e6l\u00adler histo\u00adri\u00ader og giver liv. Med vores nye ledsa\u00adgen\u00adde h\u00e6f\u00adte \u201eHarz reser\u00advoirs\u201c invi\u00adte\u00adrer vi dig til at opda\u00adge den\u00adne fasci\u00adne\u00adren\u00adde side af den lave bjerg\u00adk\u00e6\u00adde p\u00e5 en helt s\u00e6r\u00adlig m\u00e5de.&nbsp; I&nbsp;anled\u00adning af Harzens van\u00addren\u00e5ls 20-\u00e5rs jubil\u00e6um tager det\u00adte h\u00e6f\u00adte dig med til impo\u00adne\u00adren\u00adde byg\u00adnin\u00adger&nbsp;og&nbsp;[\u2026]<\/p>\n","protected":false},"author":11,"featured_media":13747,"parent":17789,"menu_order":2741,"comment_status":"closed","ping_status":"closed","template":"","meta":{"_seopress_robots_primary_cat":"","_seopress_titles_title":"","_seopress_titles_desc":"","_seopress_robots_index":"","wp_typography_post_enhancements_disabled":false,"_jf_limit_responses":"","iawp_total_views":0,"footnotes":""},"hf_cat_page":[],"class_list":["post-35119","page","type-page","status-publish","has-post-thumbnail"],"blocksy_meta":[],"_links":{"self":[{"href":"https:\/\/www.harzer-wandernadel.de\/da\/wp-json\/wp\/v2\/pages\/35119","targetHints":{"allow":["GET"]}}],"collection":[{"href":"https:\/\/www.harzer-wandernadel.de\/da\/wp-json\/wp\/v2\/pages"}],"about":[{"href":"https:\/\/www.harzer-wandernadel.de\/da\/wp-json\/wp\/v2\/types\/page"}],"author":[{"embeddable":true,"href":"https:\/\/www.harzer-wandernadel.de\/da\/wp-json\/wp\/v2\/users\/11"}],"replies":[{"embeddable":true,"href":"https:\/\/www.harzer-wandernadel.de\/da\/wp-json\/wp\/v2\/comments?post=35119"}],"version-history":[{"count":1,"href":"https:\/\/www.harzer-wandernadel.de\/da\/wp-json\/wp\/v2\/pages\/35119\/revisions"}],"predecessor-version":[{"id":35121,"href":"https:\/\/www.harzer-wandernadel.de\/da\/wp-json\/wp\/v2\/pages\/35119\/revisions\/35121"}],"up":[{"embeddable":true,"href":"https:\/\/www.harzer-wandernadel.de\/da\/wp-json\/wp\/v2\/pages\/17789"}],"wp:featuredmedia":[{"embeddable":true,"href":"https:\/\/www.harzer-wandernadel.de\/da\/wp-json\/wp\/v2\/media\/13747"}],"wp:attachment":[{"href":"https:\/\/www.harzer-wandernadel.de\/da\/wp-json\/wp\/v2\/media?parent=35119"}],"wp:term":[{"taxonomy":"hf_cat_page","embeddable":true,"href":"https:\/\/www.harzer-wandernadel.de\/da\/wp-json\/wp\/v2\/hf_cat_page?post=35119"}],"curies":[{"name":"wp","href":"https:\/\/api.w.org\/{rel}","templated":true}]}}